{"id":2408,"date":"2024-03-25T11:05:39","date_gmt":"2024-03-25T10:05:39","guid":{"rendered":"http:\/\/psonikamien.org\/?page_id=2408"},"modified":"2024-05-29T13:25:20","modified_gmt":"2024-05-29T11:25:20","slug":"samo-dzielni-mieszkania-wspomagane-w-kamieniu-pomorskim-pfron","status":"publish","type":"page","link":"http:\/\/psonikamien.org\/?page_id=2408","title":{"rendered":"&#8222;SAMO-DZIELNI Mieszkania Wspomagane&#8221;                                                                                                                                                                                                                                                                                                 w Kamieniu Pomorskim (PFRON)"},"content":{"rendered":"\n<p><\/p>\n\n\n\n<p><\/p>\n\n\n\n<figure class=\"wp-block-image size-large is-resized\"><a href=\"http:\/\/psonikamien.org\/wp-content\/uploads\/2021\/07\/znaki_strona_www.png\" data-rel=\"lightbox-image-0\" data-rl_title=\"\" data-rl_caption=\"\" title=\"\"><img loading=\"lazy\" decoding=\"async\" width=\"1024\" height=\"341\" src=\"http:\/\/psonikamien.org\/wp-content\/uploads\/2021\/07\/znaki_strona_www-1024x341.png\" alt=\"\" class=\"wp-image-1378\" style=\"width:418px;height:auto\" srcset=\"http:\/\/psonikamien.org\/wp-content\/uploads\/2021\/07\/znaki_strona_www-1024x341.png 1024w, http:\/\/psonikamien.org\/wp-content\/uploads\/2021\/07\/znaki_strona_www-300x100.png 300w, http:\/\/psonikamien.org\/wp-content\/uploads\/2021\/07\/znaki_strona_www-768x256.png 768w, http:\/\/psonikamien.org\/wp-content\/uploads\/2021\/07\/znaki_strona_www-1536x511.png 1536w, http:\/\/psonikamien.org\/wp-content\/uploads\/2021\/07\/znaki_strona_www-830x276.png 830w, http:\/\/psonikamien.org\/wp-content\/uploads\/2021\/07\/znaki_strona_www-230x77.png 230w, http:\/\/psonikamien.org\/wp-content\/uploads\/2021\/07\/znaki_strona_www-350x117.png 350w, http:\/\/psonikamien.org\/wp-content\/uploads\/2021\/07\/znaki_strona_www-480x160.png 480w, http:\/\/psonikamien.org\/wp-content\/uploads\/2021\/07\/znaki_strona_www.png 1751w\" sizes=\"auto, (max-width: 1024px) 100vw, 1024px\" \/><\/a><\/figure>\n\n\n\n<figure class=\"wp-block-image size-full is-resized\"><a href=\"http:\/\/psonikamien.org\/wp-content\/uploads\/2023\/12\/logo-pfron-psoni.jpg\" data-rel=\"lightbox-image-1\" data-rl_title=\"\" data-rl_caption=\"\" title=\"\"><img loading=\"lazy\" decoding=\"async\" width=\"952\" height=\"167\" src=\"http:\/\/psonikamien.org\/wp-content\/uploads\/2023\/12\/logo-pfron-psoni.jpg\" alt=\"\" class=\"wp-image-1873\" style=\"width:884px;height:auto\" srcset=\"http:\/\/psonikamien.org\/wp-content\/uploads\/2023\/12\/logo-pfron-psoni.jpg 952w, http:\/\/psonikamien.org\/wp-content\/uploads\/2023\/12\/logo-pfron-psoni-300x53.jpg 300w, http:\/\/psonikamien.org\/wp-content\/uploads\/2023\/12\/logo-pfron-psoni-768x135.jpg 768w, http:\/\/psonikamien.org\/wp-content\/uploads\/2023\/12\/logo-pfron-psoni-830x146.jpg 830w, http:\/\/psonikamien.org\/wp-content\/uploads\/2023\/12\/logo-pfron-psoni-230x40.jpg 230w, http:\/\/psonikamien.org\/wp-content\/uploads\/2023\/12\/logo-pfron-psoni-350x61.jpg 350w, http:\/\/psonikamien.org\/wp-content\/uploads\/2023\/12\/logo-pfron-psoni-480x84.jpg 480w\" sizes=\"auto, (max-width: 952px) 100vw, 952px\" \/><\/a><\/figure>\n\n\n<p><strong>Polskie Stowarzyszenie na rzecz Os\u00f3b z Niepe\u0142nosprawno\u015bci\u0105 Intelektualn\u0105 Ko\u0142o w Kamieniu Pomorskim <\/strong><strong>informuje, \u017ce:<\/strong><\/p>\n<p style=\"text-align: left;\"><strong>w dniu 22 maja 2024 roku podpisa\u0142o umow\u0119 UM\/PW9\/2024\/2\/O_ZACHODNIOPOMORSKI\/4593\u00a0 \u00a0 \u00a0 \u00a0 \u00a0 \u00a0 <\/strong>z Pa\u0144stwowym Funduszem Rehabilitacji Os\u00f3b Niepe\u0142nosprawnych w ramach kt\u00f3rej Stowarzyszenie zrealizuje projekt pod nazw\u0105: <b>\u201eSAMO-DZIELNI Mieszkania Wspomagane w Kamieniu Pomorskim\u201d<\/b>\u00a0 \u00a0 \u00a0 \u00a0 \u00a0 \u00a0 w terminie od 01 kwietnia 2024 roku do dnia 31 marca 2027 roku w ramach zadania \u00a0<strong>pn. ,, Prowadzenie rehabilitacji os\u00f3b niepe\u0142nosprawnych w r\u00f3\u017cnych typach plac\u00f3wek\u201d.<\/strong><\/p>\n<p>Umow\u0119 w imieniu Stowarzyszenia podpisa\u0142y: Jolanta Janik- Przewodnicz\u0105ca Zarz\u0105du Ko\u0142a, Gra\u017cyna Gawle &#8211; Sekretarz Zarz\u0105du oraz Justyna Pietruchowska- G\u0142\u00f3wna Ksi\u0119gowa Ko\u0142a,<\/p>\n<p>a w imieniu PFRON \u2013 Inga Mikee- Pe\u0142nomocnik, Marzenna Marciniuk \u2013 pe\u0142nomocnik.<\/p>\n<p>Projekt <em><b>\u201e <\/b><\/em><em><b>SAMO-DZIELNI Mieszkania Wspomagane w Kamieniu Pomorskim<\/b><\/em><em><b>\u201d <\/b><\/em>otrzyma\u0142 dofinansowanie na realizacj\u0119 ca\u0142ego projektu w wysoko\u015bci: <b>4 498 647,20<\/b><b> <\/b><b>z\u0142<\/b>.<\/p>\n<p>W tym w okresie:<\/p>\n<p>&#8211; od 01 kwietnia 2024 do 31 marca 2025 roku w wysoko\u015bci: 1 350 120,00 z\u0142<\/p>\n<p>&#8211; od 01 kwietnia 2025 do 31 marca 2026 roku w wysoko\u015bci: 1 465 832,00 z\u0142<\/p>\n<p>&#8211; od 01 kwietnia 2026 do 31 marca 2027 roku w wysoko\u015bci: 1 682 695,20 z\u0142<\/p>\n<p>Ca\u0142kowity koszt projektu: <strong>4 778 647,20 z\u0142<\/strong><\/p>\n<p>Celem projektu jest \u015bwiadczenie us\u0142ug wspieraj\u0105cych dla 10 beneficjent\u00f3w, os\u00f3b z niepe\u0142nosprawno\u015bciami kt\u00f3re maj\u0105 na celu umo\u017cliwienie lub wspomaganie niezale\u017cnego \u017cycia oraz utrwalanie umiej\u0119tno\u015bci\u00a0 w zakresie samoobs\u0142ugi kt\u00f3re nabyli w trakcie treningu w mieszkaniach treningowych.<\/p>\n<p>Formy wsparcia<\/p>\n<p>&#8211; us\u0142ugi wspieraj\u0105ce proces usamodzielniania<\/p>\n<p>&#8211; opieka nocna<\/p>\n<p>&#8211; wsparcie opiekuna mieszka\u0144 wspomaganych<\/p>\n<p>&#8211; wsparcie psychologiczne<\/p>\n<p><b>HARMONOGRAM POSZCZEG\u00d3LNYCH DZIA\u0141A\u0143:<\/b><\/p>\n<p><b>Pierwszy okres finansowania &#8211; 2024-04-01 &#8211; 2025-03-31<\/b><\/p>\n<table width=\"100%\" cellspacing=\"0\" cellpadding=\"4\">\n<tbody>\n<tr valign=\"top\">\n<td width=\"4%\">\n<p align=\"center\"><span style=\"font-size: small;\">lp. <\/span><\/p>\n<\/td>\n<td width=\"18%\">\n<p align=\"center\"><span style=\"font-size: small;\">Nazwa dzia\u0142ania \/ poddzia\u0142ania<\/span><\/p>\n<\/td>\n<td width=\"19%\">\n<p align=\"center\"><span style=\"font-size: small;\">Rodzaj dzia\u0142ania <\/span><\/p>\n<\/td>\n<td width=\"31%\">\n<p align=\"center\"><span style=\"font-size: small;\">Realizowane przez<\/span><\/p>\n<\/td>\n<td width=\"28%\">\n<p align=\"center\"><span style=\"font-size: small;\">Miesi\u0105ce<\/span><\/p>\n<\/td>\n<\/tr>\n<tr valign=\"top\">\n<td width=\"4%\" height=\"73\">\n<p><span style=\"font-size: small;\">1<\/span><\/p>\n<\/td>\n<td width=\"18%\">\n<p><span style=\"font-size: small;\">wsparcie opiekuna procesu usamodzielniania<\/span><\/p>\n<\/td>\n<td width=\"19%\">\n<p><span style=\"font-size: small;\">Merytoryczne <\/span><\/p>\n<\/td>\n<td width=\"31%\">\n<p><span style=\"font-size: small;\">Polskie Stowarzyszenie Os\u00f3b z Niepe\u0142nosprawno\u015bci\u0105 Intelektualn\u0105 Ko\u0142o w Kamieniu Pomorskim<\/span><\/p>\n<\/td>\n<td width=\"28%\">\n<p><span style=\"font-size: small;\">4\/2024, 5\/2024, 6\/2024, 7\/2024, 8\/2024, 9\/2024, 10\/2024, 11\/2024, 12\/2024, 1\/2025, 2\/2025, 3\/2025 <\/span><\/p>\n<\/td>\n<\/tr>\n<tr valign=\"top\">\n<td width=\"4%\">\n<p><span style=\"font-size: small;\">2<\/span><\/p>\n<\/td>\n<td width=\"18%\">\n<p><span style=\"font-size: small;\">opieka nocna<\/span><\/p>\n<\/td>\n<td width=\"19%\">\n<p><span style=\"font-size: small;\">Merytoryczne <\/span><\/p>\n<\/td>\n<td width=\"31%\">\n<p><span style=\"font-size: small;\">Polskie Stowarzyszenie Os\u00f3b z Niepe\u0142nosprawno\u015bci\u0105 Intelektualn\u0105 Ko\u0142o w Kamieniu Pomorskim<\/span><\/p>\n<\/td>\n<td width=\"28%\">\n<p><span style=\"font-size: small;\">4\/2024, 5\/2024, 6\/2024, 7\/2024, 8\/2024, 9\/2024, 10\/2024, 11\/2024, 12\/2024, 1\/2025, 2\/2025, 3\/2025 <\/span><\/p>\n<\/td>\n<\/tr>\n<tr valign=\"top\">\n<td width=\"4%\">\n<p><span style=\"font-size: small;\">3<\/span><\/p>\n<\/td>\n<td width=\"18%\">\n<p><span style=\"font-size: small;\">wsparcie opiekuna mieszka\u0144 chronionych<\/span><\/p>\n<\/td>\n<td width=\"19%\">\n<p><span style=\"font-size: small;\">Merytoryczne <\/span><\/p>\n<\/td>\n<td width=\"31%\">\n<p><span style=\"font-size: small;\">Polskie Stowarzyszenie Os\u00f3b z Niepe\u0142nosprawno\u015bci\u0105 Intelektualn\u0105 Ko\u0142o w Kamieniu Pomorskim<\/span><\/p>\n<\/td>\n<td width=\"28%\">\n<p><span style=\"font-size: small;\">4\/2024, 5\/2024, 6\/2024, 7\/2024, 8\/2024, 9\/2024, 10\/2024, 11\/2024, 12\/2024, 1\/2025, 2\/2025, 3\/2025 <\/span><\/p>\n<\/td>\n<\/tr>\n<tr valign=\"top\">\n<td width=\"4%\">\n<p><span style=\"font-size: small;\">4<\/span><\/p>\n<\/td>\n<td width=\"18%\">\n<p><span style=\"font-size: small;\">wsparcie psychologa<\/span><\/p>\n<\/td>\n<td width=\"19%\">\n<p><span style=\"font-size: small;\">Merytoryczne <\/span><\/p>\n<\/td>\n<td width=\"31%\">\n<p><span style=\"font-size: small;\">Polskie Stowarzyszenie Os\u00f3b z Niepe\u0142nosprawno\u015bci\u0105 Intelektualn\u0105 Ko\u0142o w Kamieniu Pomorskim<\/span><\/p>\n<\/td>\n<td width=\"28%\">\n<p><span style=\"font-size: small;\">4\/2024, 5\/2024, 6\/2024, 7\/2024, 8\/2024, 9\/2024, 10\/2024, 11\/2024, 12\/2024, 1\/2025, 2\/2025, 3\/2025 <\/span><\/p>\n<\/td>\n<\/tr>\n<tr valign=\"top\">\n<td width=\"4%\">\n<p><span style=\"font-size: small;\">5<\/span><\/p>\n<\/td>\n<td width=\"18%\">\n<p><span style=\"font-size: small;\">wsparcie koordynatora projektu <\/span><\/p>\n<\/td>\n<td width=\"19%\">\n<p><span style=\"font-size: small;\">Administracyjne <\/span><\/p>\n<\/td>\n<td width=\"31%\">\n<p><span style=\"font-size: small;\">Polskie Stowarzyszenie Os\u00f3b z Niepe\u0142nosprawno\u015bci\u0105 Intelektualn\u0105 Ko\u0142o w Kamieniu Pomorskim<\/span><\/p>\n<\/td>\n<td width=\"28%\">\n<p><span style=\"font-size: small;\">4\/2024, 5\/2024, 6\/2024, 7\/2024, 8\/2024, 9\/2024, 10\/2024, 11\/2024, 12\/2024, 1\/2025, 2\/2025, 3\/2025 <\/span><\/p>\n<\/td>\n<\/tr>\n<tr valign=\"top\">\n<td width=\"4%\">\n<p><span style=\"font-size: small;\">6<\/span><\/p>\n<\/td>\n<td width=\"18%\">\n<p><span style=\"font-size: small;\">wsparcie ksi\u0119gowego projektu <\/span><\/p>\n<\/td>\n<td width=\"19%\">\n<p><span style=\"font-size: small;\">Administracyjne <\/span><\/p>\n<\/td>\n<td width=\"31%\">\n<p><span style=\"font-size: small;\">Polskie Stowarzyszenie Os\u00f3b z Niepe\u0142nosprawno\u015bci\u0105 Intelektualn\u0105 Ko\u0142o w Kamieniu Pomorskim<\/span><\/p>\n<\/td>\n<td width=\"28%\">\n<p><span style=\"font-size: small;\">4\/2024, 5\/2024, 6\/2024, 7\/2024, 8\/2024, 9\/2024, 10\/2024, 11\/2024, 12\/2024, 1\/2025, 2\/2025, 3\/2025 <\/span><\/p>\n<\/td>\n<\/tr>\n<\/tbody>\n<\/table>\n<p><b>Drugi okres finansowania &#8211; 2025-04-01 &#8211; 2026-03-31 <\/b><\/p>\n<table width=\"100%\" cellspacing=\"0\" cellpadding=\"4\">\n<tbody>\n<tr valign=\"top\">\n<td width=\"4%\">\n<p align=\"center\"><span style=\"font-size: small;\">lp. <\/span><\/p>\n<\/td>\n<td width=\"18%\">\n<p align=\"center\"><span style=\"font-size: small;\">Nazwa dzia\u0142ania \/ poddzia\u0142ania<\/span><\/p>\n<\/td>\n<td width=\"19%\">\n<p align=\"center\"><span style=\"font-size: small;\">Rodzaj dzia\u0142ania <\/span><\/p>\n<\/td>\n<td width=\"31%\">\n<p align=\"center\"><span style=\"font-size: small;\">Realizowane przez<\/span><\/p>\n<\/td>\n<td width=\"28%\">\n<p align=\"center\"><span style=\"font-size: small;\">Miesi\u0105ce<\/span><\/p>\n<\/td>\n<\/tr>\n<tr valign=\"top\">\n<td width=\"4%\" height=\"73\">\n<p><span style=\"font-size: small;\">1<\/span><\/p>\n<\/td>\n<td width=\"18%\">\n<p><span style=\"font-size: small;\">wsparcie opiekuna procesu usamodzielniania<\/span><\/p>\n<\/td>\n<td width=\"19%\">\n<p><span style=\"font-size: small;\">Merytoryczne <\/span><\/p>\n<\/td>\n<td width=\"31%\">\n<p><span style=\"font-size: small;\">Polskie Stowarzyszenie Os\u00f3b z Niepe\u0142nosprawno\u015bci\u0105 Intelektualn\u0105 Ko\u0142o w Kamieniu Pomorskim<\/span><\/p>\n<\/td>\n<td width=\"28%\">\n<p><span style=\"font-size: small;\">4\/2025, 5\/2025, 6\/2025, 7\/2025, 8\/2025, 9\/2025, 10\/2025, 11\/2025, 12\/2025, 1\/2026, 2\/2026, 3\/2026 <\/span><\/p>\n<\/td>\n<\/tr>\n<tr valign=\"top\">\n<td width=\"4%\">\n<p><span style=\"font-size: small;\">2<\/span><\/p>\n<\/td>\n<td width=\"18%\">\n<p><span style=\"font-size: small;\">opieka nocna<\/span><\/p>\n<\/td>\n<td width=\"19%\">\n<p><span style=\"font-size: small;\">Merytoryczne <\/span><\/p>\n<\/td>\n<td width=\"31%\">\n<p><span style=\"font-size: small;\">Polskie Stowarzyszenie Os\u00f3b z Niepe\u0142nosprawno\u015bci\u0105 Intelektualn\u0105 Ko\u0142o w Kamieniu Pomorskim<\/span><\/p>\n<\/td>\n<td width=\"28%\">\n<p><span style=\"font-size: small;\">4\/2025, 5\/2025, 6\/2025, 7\/2025, 8\/2025, 9\/2025, 10\/2025, 11\/2025, 12\/2025, 1\/2026, 2\/2026, 3\/2026 <\/span><\/p>\n<\/td>\n<\/tr>\n<tr valign=\"top\">\n<td width=\"4%\">\n<p><span style=\"font-size: small;\">3<\/span><\/p>\n<\/td>\n<td width=\"18%\">\n<p><span style=\"font-size: small;\">wsparcie opiekuna mieszka\u0144 chronionych<\/span><\/p>\n<\/td>\n<td width=\"19%\">\n<p><span style=\"font-size: small;\">Merytoryczne <\/span><\/p>\n<\/td>\n<td width=\"31%\">\n<p><span style=\"font-size: small;\">Polskie Stowarzyszenie Os\u00f3b z Niepe\u0142nosprawno\u015bci\u0105 Intelektualn\u0105 Ko\u0142o w Kamieniu Pomorskim<\/span><\/p>\n<\/td>\n<td width=\"28%\">\n<p><span style=\"font-size: small;\">4\/2025, 5\/2025, 6\/2025, 7\/2025, 8\/2025, 9\/2025, 10\/2025, 11\/2025, 12\/2025, 1\/2026, 2\/2026, 3\/2026 <\/span><\/p>\n<\/td>\n<\/tr>\n<tr valign=\"top\">\n<td width=\"4%\">\n<p><span style=\"font-size: small;\">4<\/span><\/p>\n<\/td>\n<td width=\"18%\">\n<p><span style=\"font-size: small;\">wsparcie psychologa<\/span><\/p>\n<\/td>\n<td width=\"19%\">\n<p><span style=\"font-size: small;\">Merytoryczne <\/span><\/p>\n<\/td>\n<td width=\"31%\">\n<p><span style=\"font-size: small;\">Polskie Stowarzyszenie Os\u00f3b z Niepe\u0142nosprawno\u015bci\u0105 Intelektualn\u0105 Ko\u0142o w Kamieniu Pomorskim<\/span><\/p>\n<\/td>\n<td width=\"28%\">\n<p><span style=\"font-size: small;\">4\/2025, 5\/2025, 6\/2025, 7\/2025, 8\/2025, 9\/2025, 10\/2025, 11\/2025, 12\/2025, 1\/2026, 2\/2026, 3\/2026 <\/span><\/p>\n<\/td>\n<\/tr>\n<tr valign=\"top\">\n<td width=\"4%\">\n<p><span style=\"font-size: small;\">5<\/span><\/p>\n<\/td>\n<td width=\"18%\">\n<p><span style=\"font-size: small;\">wsparcie koordynatora projektu <\/span><\/p>\n<\/td>\n<td width=\"19%\">\n<p><span style=\"font-size: small;\">Administracyjne <\/span><\/p>\n<\/td>\n<td width=\"31%\">\n<p><span style=\"font-size: small;\">Polskie Stowarzyszenie Os\u00f3b z Niepe\u0142nosprawno\u015bci\u0105 Intelektualn\u0105 Ko\u0142o w Kamieniu Pomorskim<\/span><\/p>\n<\/td>\n<td width=\"28%\">\n<p><span style=\"font-size: small;\">4\/2025, 5\/2025, 6\/2025, 7\/2025, 8\/2025, 9\/2025, 10\/2025, 11\/2025, 12\/2025, 1\/2026, 2\/2026, 3\/2026 <\/span><\/p>\n<\/td>\n<\/tr>\n<tr valign=\"top\">\n<td width=\"4%\">\n<p><span style=\"font-size: small;\">6<\/span><\/p>\n<\/td>\n<td width=\"18%\">\n<p><span style=\"font-size: small;\">wsparcie ksi\u0119gowego projektu <\/span><\/p>\n<\/td>\n<td width=\"19%\">\n<p><span style=\"font-size: small;\">Administracyjne <\/span><\/p>\n<\/td>\n<td width=\"31%\">\n<p><span style=\"font-size: small;\">Polskie Stowarzyszenie Os\u00f3b z Niepe\u0142nosprawno\u015bci\u0105 Intelektualn\u0105 Ko\u0142o w Kamieniu Pomorskim<\/span><\/p>\n<\/td>\n<td width=\"28%\">\n<p><span style=\"font-size: small;\">4\/2025, 5\/2025, 6\/2025, 7\/2025, 8\/2025, 9\/2025, 10\/2025, 11\/2025, 12\/2025, 1\/2026, 2\/2026, 3\/2026 <\/span><\/p>\n<\/td>\n<\/tr>\n<\/tbody>\n<\/table>\n<p><b>Trzeci okres finansowania &#8211; 2026-04-01 &#8211; 2027-03-31 <\/b><\/p>\n<table width=\"100%\" cellspacing=\"0\" cellpadding=\"4\">\n<tbody>\n<tr valign=\"top\">\n<td width=\"4%\">\n<p align=\"center\"><span style=\"font-size: small;\">lp. <\/span><\/p>\n<\/td>\n<td width=\"18%\">\n<p align=\"center\"><span style=\"font-size: small;\">Nazwa dzia\u0142ania \/ poddzia\u0142ania<\/span><\/p>\n<\/td>\n<td width=\"19%\">\n<p align=\"center\"><span style=\"font-size: small;\">Rodzaj dzia\u0142ania <\/span><\/p>\n<\/td>\n<td width=\"30%\">\n<p align=\"center\"><span style=\"font-size: small;\">Realizowane przez<\/span><\/p>\n<\/td>\n<td width=\"28%\">\n<p align=\"center\"><span style=\"font-size: small;\">Miesi\u0105ce<\/span><\/p>\n<\/td>\n<\/tr>\n<tr valign=\"top\">\n<td width=\"4%\" height=\"73\">\n<p><span style=\"font-size: small;\">1<\/span><\/p>\n<\/td>\n<td width=\"18%\">\n<p><span style=\"font-size: small;\">wsparcie opiekuna procesu usamodzielniania<\/span><\/p>\n<\/td>\n<td width=\"19%\">\n<p><span style=\"font-size: small;\">Merytoryczne <\/span><\/p>\n<\/td>\n<td width=\"30%\">\n<p><span style=\"font-size: small;\">Polskie Stowarzyszenie Os\u00f3b z Niepe\u0142nosprawno\u015bci\u0105 Intelektualn\u0105 Ko\u0142o w Kamieniu Pomorskim<\/span><\/p>\n<\/td>\n<td width=\"28%\">\n<p><span style=\"font-size: small;\">4\/2026, 5\/2026, 6\/2026, 7\/2026, 8\/2026, 9\/2026, 10\/2026, 11\/2026, 12\/2026, 1\/2027, 2\/2027, 3\/2027 <\/span><\/p>\n<\/td>\n<\/tr>\n<tr valign=\"top\">\n<td width=\"4%\">\n<p><span style=\"font-size: small;\">2<\/span><\/p>\n<\/td>\n<td width=\"18%\">\n<p><span style=\"font-size: small;\">opieka nocna<\/span><\/p>\n<\/td>\n<td width=\"19%\">\n<p><span style=\"font-size: small;\">Merytoryczne <\/span><\/p>\n<\/td>\n<td width=\"30%\">\n<p><span style=\"font-size: small;\">Polskie Stowarzyszenie Os\u00f3b z Niepe\u0142nosprawno\u015bci\u0105 Intelektualn\u0105 Ko\u0142o w Kamieniu Pomorskim<\/span><\/p>\n<\/td>\n<td width=\"28%\">\n<p><span style=\"font-size: small;\">4\/2026, 5\/2026, 6\/2026, 7\/2026, 8\/2026, 9\/2026, 10\/2026, 11\/2026, 12\/2026, 1\/2027, 2\/2027, 3\/2027 <\/span><\/p>\n<\/td>\n<\/tr>\n<tr valign=\"top\">\n<td width=\"4%\">\n<p><span style=\"font-size: small;\">3<\/span><\/p>\n<\/td>\n<td width=\"18%\">\n<p><span style=\"font-size: small;\">wsparcie opiekuna mieszka\u0144 chronionych<\/span><\/p>\n<\/td>\n<td width=\"19%\">\n<p><span style=\"font-size: small;\">Merytoryczne <\/span><\/p>\n<\/td>\n<td width=\"30%\">\n<p><span style=\"font-size: small;\">Polskie Stowarzyszenie Os\u00f3b z Niepe\u0142nosprawno\u015bci\u0105 Intelektualn\u0105 Ko\u0142o w Kamieniu Pomorskim<\/span><\/p>\n<\/td>\n<td width=\"28%\">\n<p><span style=\"font-size: small;\">4\/2026, 5\/2026, 6\/2026, 7\/2026, 8\/2026, 9\/2026, 10\/2026, 11\/2026, 12\/2026, 1\/2027, 2\/2027, 3\/2027 <\/span><\/p>\n<\/td>\n<\/tr>\n<tr valign=\"top\">\n<td width=\"4%\">\n<p><span style=\"font-size: small;\">4<\/span><\/p>\n<\/td>\n<td width=\"18%\">\n<p><span style=\"font-size: small;\">wsparcie psychologa<\/span><\/p>\n<\/td>\n<td width=\"19%\">\n<p><span style=\"font-size: small;\">Merytoryczne <\/span><\/p>\n<\/td>\n<td width=\"30%\">\n<p><span style=\"font-size: small;\">Polskie Stowarzyszenie Os\u00f3b z Niepe\u0142nosprawno\u015bci\u0105 Intelektualn\u0105 Ko\u0142o w Kamieniu Pomorskim<\/span><\/p>\n<\/td>\n<td width=\"28%\">\n<p><span style=\"font-size: small;\">4\/2026, 5\/2026, 6\/2026, 7\/2026, 8\/2026, 9\/2026, 10\/2026, 11\/2026, 12\/2026, 1\/2027, 2\/2027, 3\/2027 <\/span><\/p>\n<\/td>\n<\/tr>\n<tr valign=\"top\">\n<td width=\"4%\">\n<p><span style=\"font-size: small;\">5<\/span><\/p>\n<\/td>\n<td width=\"18%\">\n<p><span style=\"font-size: small;\">wsparcie koordynatora projektu <\/span><\/p>\n<\/td>\n<td width=\"19%\">\n<p><span style=\"font-size: small;\">Administracyjne <\/span><\/p>\n<\/td>\n<td width=\"30%\">\n<p><span style=\"font-size: small;\">Polskie Stowarzyszenie Os\u00f3b z Niepe\u0142nosprawno\u015bci\u0105 Intelektualn\u0105 Ko\u0142o w Kamieniu Pomorskim<\/span><\/p>\n<\/td>\n<td width=\"28%\">\n<p><span style=\"font-size: small;\">4\/2026, 5\/2026, 6\/2026, 7\/2026, 8\/2026, 9\/2026, 10\/2026, 11\/2026, 12\/2026, 1\/2027, 2\/2027, 3\/2027 <\/span><\/p>\n<\/td>\n<\/tr>\n<tr valign=\"top\">\n<td width=\"4%\">\n<p><span style=\"font-size: small;\">6<\/span><\/p>\n<\/td>\n<td width=\"18%\">\n<p><span style=\"font-size: small;\">wsparcie ksi\u0119gowego projektu <\/span><\/p>\n<\/td>\n<td width=\"19%\">\n<p><span style=\"font-size: small;\">Administracyjne <\/span><\/p>\n<\/td>\n<td width=\"30%\">\n<p><span style=\"font-size: small;\">Polskie Stowarzyszenie Os\u00f3b z Niepe\u0142nosprawno\u015bci\u0105 Intelektualn\u0105 Ko\u0142o w Kamieniu Pomorskim<\/span><\/p>\n<\/td>\n<td width=\"28%\">\n<p><span style=\"font-size: small;\">4\/2026, 5\/2026, 6\/2026, 7\/2026, 8\/2026, 9\/2026, 10\/2026, 11\/2026, 12\/2026, 1\/2027, 2\/2027, 3\/2027 <\/span><\/p>\n<\/td>\n<\/tr>\n<\/tbody>\n<\/table>","protected":false},"excerpt":{"rendered":"<p>Polskie Stowarzyszenie na rzecz Os\u00f3b z Niepe\u0142nosprawno\u015bci\u0105 Intelektualn\u0105 Ko\u0142o w Kamieniu Pomorskim informuje, \u017ce: w dniu 22 maja 2024 roku podpisa\u0142o umow\u0119 UM\/PW9\/2024\/2\/O_ZACHODNIOPOMORSKI\/4593\u00a0 \u00a0 \u00a0 \u00a0 \u00a0 \u00a0 z Pa\u0144stwowym Funduszem Rehabilitacji Os\u00f3b Niepe\u0142nosprawnych w ramach kt\u00f3rej Stowarzyszenie zrealizuje projekt pod nazw\u0105: \u201eSAMO-DZIELNI Mieszkania Wspomagane w Kamieniu Pomorskim\u201d\u00a0 \u00a0 \u00a0 \u00a0 \u00a0 \u00a0 w terminie [&hellip;]<\/p>\n","protected":false},"author":2,"featured_media":0,"parent":0,"menu_order":0,"comment_status":"closed","ping_status":"closed","template":"","meta":{"footnotes":""},"class_list":["post-2408","page","type-page","status-publish","hentry"],"_links":{"self":[{"href":"http:\/\/psonikamien.org\/index.php?rest_route=\/wp\/v2\/pages\/2408","targetHints":{"allow":["GET"]}}],"collection":[{"href":"http:\/\/psonikamien.org\/index.php?rest_route=\/wp\/v2\/pages"}],"about":[{"href":"http:\/\/psonikamien.org\/index.php?rest_route=\/wp\/v2\/types\/page"}],"author":[{"embeddable":true,"href":"http:\/\/psonikamien.org\/index.php?rest_route=\/wp\/v2\/users\/2"}],"replies":[{"embeddable":true,"href":"http:\/\/psonikamien.org\/index.php?rest_route=%2Fwp%2Fv2%2Fcomments&post=2408"}],"version-history":[{"count":14,"href":"http:\/\/psonikamien.org\/index.php?rest_route=\/wp\/v2\/pages\/2408\/revisions"}],"predecessor-version":[{"id":2452,"href":"http:\/\/psonikamien.org\/index.php?rest_route=\/wp\/v2\/pages\/2408\/revisions\/2452"}],"wp:attachment":[{"href":"http:\/\/psonikamien.org\/index.php?rest_route=%2Fwp%2Fv2%2Fmedia&parent=2408"}],"curies":[{"name":"wp","href":"https:\/\/api.w.org\/{rel}","templated":true}]}}